{"version":"1.0","provider_name":"Feminissima","provider_url":"https:\/\/feminissima.de","author_name":"fem","author_url":"https:\/\/feminissima.de\/index.php\/author\/fem\/","title":"Der Vulkan Teide mit Schneeh\u00e4ubchen.. - Feminissima","type":"rich","width":600,"height":338,"html":"<blockquote class=\"wp-embedded-content\" data-secret=\"yPSUbb567K\"><a href=\"https:\/\/feminissima.de\/index.php\/2022\/12\/26\/der-vulkan-teide-mit-schneehaubchen\/\">Der Vulkan Teide mit Schneeh\u00e4ubchen..<\/a><\/blockquote><iframe sandbox=\"allow-scripts\" security=\"restricted\" src=\"https:\/\/feminissima.de\/index.php\/2022\/12\/26\/der-vulkan-teide-mit-schneehaubchen\/embed\/#?secret=yPSUbb567K\" width=\"600\" height=\"338\" title=\"&#8222;Der Vulkan Teide mit Schneeh\u00e4ubchen..&#8220; &#8211; Feminissima\" data-secret=\"yPSUbb567K\" frameborder=\"0\" marginwidth=\"0\" marginheight=\"0\" scrolling=\"no\" class=\"wp-embedded-content\"><\/iframe><script>\n\/*! This file is auto-generated *\/\n!function(d,l){\"use strict\";l.querySelector&&d.addEventListener&&\"undefined\"!=typeof URL&&(d.wp=d.wp||{},d.wp.receiveEmbedMessage||(d.wp.receiveEmbedMessage=function(e){var t=e.data;if((t||t.secret||t.message||t.value)&&!\/[^a-zA-Z0-9]\/.test(t.secret)){for(var s,r,n,a=l.querySelectorAll('iframe[data-secret=\"'+t.secret+'\"]'),o=l.querySelectorAll('blockquote[data-secret=\"'+t.secret+'\"]'),c=new RegExp(\"^https?:$\",\"i\"),i=0;i<o.length;i++)o[i].style.display=\"none\";for(i=0;i<a.length;i++)s=a[i],e.source===s.contentWindow&&(s.removeAttribute(\"style\"),\"height\"===t.message?(1e3<(r=parseInt(t.value,10))?r=1e3:~~r<200&&(r=200),s.height=r):\"link\"===t.message&&(r=new URL(s.getAttribute(\"src\")),n=new URL(t.value),c.test(n.protocol))&&n.host===r.host&&l.activeElement===s&&(d.top.location.href=t.value))}},d.addEventListener(\"message\",d.wp.receiveEmbedMessage,!1),l.addEventListener(\"DOMContentLoaded\",function(){for(var e,t,s=l.querySelectorAll(\"iframe.wp-embedded-content\"),r=0;r<s.length;r++)(t=(e=s[r]).getAttribute(\"data-secret\"))||(t=Math.random().toString(36).substring(2,12),e.src+=\"#?secret=\"+t,e.setAttribute(\"data-secret\",t)),e.contentWindow.postMessage({message:\"ready\",secret:t},\"*\")},!1)))}(window,document);\n\/\/# sourceURL=https:\/\/feminissima.de\/wp-includes\/js\/wp-embed.min.js\n<\/script>\n","description":"Ja. der Regen hat aufgeh\u00f6rt&#8230; Die Spitzen der Berge, die den majest\u00e4tischen Teide umranden, sind auch wei\u00df&#8230;. Der Himmel ist trocken und veilchenfarben. Vamos a ver que pasa.. Mal sehen, wie es weitergeht&#8230; &#8230; 14 Uhr Teneriffa-Uhrzeit&#8230; wir sind ne Stunde zur\u00fcck&#8230; so gaanz weit weg vom europ\u00e4ischen Festland&#8230; daf\u00fcr gegen\u00fcber von Afrika&#8230;hier"}