{"version":"1.0","provider_name":"Feminissima","provider_url":"https:\/\/feminissima.de","author_name":"admin","author_url":"https:\/\/feminissima.de\/index.php\/author\/admin\/","title":"KLAUS LEMKE, Regisseur - Feminissima","type":"rich","width":600,"height":338,"html":"<blockquote class=\"wp-embedded-content\" data-secret=\"Xb8xpMiqYB\"><a href=\"https:\/\/feminissima.de\/index.php\/2006\/06\/17\/klaus-lemke-regisseur\/\">KLAUS LEMKE, Regisseur<\/a><\/blockquote><iframe sandbox=\"allow-scripts\" security=\"restricted\" src=\"https:\/\/feminissima.de\/index.php\/2006\/06\/17\/klaus-lemke-regisseur\/embed\/#?secret=Xb8xpMiqYB\" width=\"600\" height=\"338\" title=\"&#8222;KLAUS LEMKE, Regisseur&#8220; &#8211; Feminissima\" data-secret=\"Xb8xpMiqYB\" frameborder=\"0\" marginwidth=\"0\" marginheight=\"0\" scrolling=\"no\" class=\"wp-embedded-content\"><\/iframe><script>\n\/*! This file is auto-generated *\/\n!function(d,l){\"use strict\";l.querySelector&&d.addEventListener&&\"undefined\"!=typeof URL&&(d.wp=d.wp||{},d.wp.receiveEmbedMessage||(d.wp.receiveEmbedMessage=function(e){var t=e.data;if((t||t.secret||t.message||t.value)&&!\/[^a-zA-Z0-9]\/.test(t.secret)){for(var s,r,n,a=l.querySelectorAll('iframe[data-secret=\"'+t.secret+'\"]'),o=l.querySelectorAll('blockquote[data-secret=\"'+t.secret+'\"]'),c=new RegExp(\"^https?:$\",\"i\"),i=0;i<o.length;i++)o[i].style.display=\"none\";for(i=0;i<a.length;i++)s=a[i],e.source===s.contentWindow&&(s.removeAttribute(\"style\"),\"height\"===t.message?(1e3<(r=parseInt(t.value,10))?r=1e3:~~r<200&&(r=200),s.height=r):\"link\"===t.message&&(r=new URL(s.getAttribute(\"src\")),n=new URL(t.value),c.test(n.protocol))&&n.host===r.host&&l.activeElement===s&&(d.top.location.href=t.value))}},d.addEventListener(\"message\",d.wp.receiveEmbedMessage,!1),l.addEventListener(\"DOMContentLoaded\",function(){for(var e,t,s=l.querySelectorAll(\"iframe.wp-embedded-content\"),r=0;r<s.length;r++)(t=(e=s[r]).getAttribute(\"data-secret\"))||(t=Math.random().toString(36).substring(2,12),e.src+=\"#?secret=\"+t,e.setAttribute(\"data-secret\",t)),e.contentWindow.postMessage({message:\"ready\",secret:t},\"*\")},!1)))}(window,document);\n\/\/# sourceURL=https:\/\/feminissima.de\/wp-includes\/js\/wp-embed.min.js\n<\/script>\n","description":"oh, man mu\u00df wieder viel \u00f6fter, ja t\u00e4glich, so wie fr\u00fcher, die S\u00dcDDEUTSCHE lesen, um \u00fcberhaupt! Aber zwischendrin war mal so ein leicht hoch-auff\u00e4llig konservativer Einknicker, der scheint wieder behoben...aber noch nicht wirklich wieder alles gecheckt...aber dieses INTERVIEW vom letzten JAHR, im NETZ gefunden...ist ein Batzen Gold, wirklich. Zeigt dir, dass da drau\u00dfen noch Leben ist, au\u00dferhalb von Berlin... \"Richtiges Leben..!\""}