{"version":"1.0","provider_name":"Feminissima","provider_url":"https:\/\/feminissima.de","author_name":"admin","author_url":"https:\/\/feminissima.de\/index.php\/author\/admin\/","title":"Ermordet. Die Kurdin. Der kleine Junge. - Feminissima","type":"rich","width":600,"height":338,"html":"<blockquote class=\"wp-embedded-content\" data-secret=\"AFkCPdAvoP\"><a href=\"https:\/\/feminissima.de\/index.php\/2005\/02\/19\/ermordet-die-kurdin-der-kleine-junge\/\">Ermordet. Die Kurdin. Der kleine Junge.<\/a><\/blockquote><iframe sandbox=\"allow-scripts\" security=\"restricted\" src=\"https:\/\/feminissima.de\/index.php\/2005\/02\/19\/ermordet-die-kurdin-der-kleine-junge\/embed\/#?secret=AFkCPdAvoP\" width=\"600\" height=\"338\" title=\"&#8222;Ermordet. Die Kurdin. Der kleine Junge.&#8220; &#8211; Feminissima\" data-secret=\"AFkCPdAvoP\" frameborder=\"0\" marginwidth=\"0\" marginheight=\"0\" scrolling=\"no\" class=\"wp-embedded-content\"><\/iframe><script>\n\/*! This file is auto-generated *\/\n!function(d,l){\"use strict\";l.querySelector&&d.addEventListener&&\"undefined\"!=typeof URL&&(d.wp=d.wp||{},d.wp.receiveEmbedMessage||(d.wp.receiveEmbedMessage=function(e){var t=e.data;if((t||t.secret||t.message||t.value)&&!\/[^a-zA-Z0-9]\/.test(t.secret)){for(var s,r,n,a=l.querySelectorAll('iframe[data-secret=\"'+t.secret+'\"]'),o=l.querySelectorAll('blockquote[data-secret=\"'+t.secret+'\"]'),c=new RegExp(\"^https?:$\",\"i\"),i=0;i<o.length;i++)o[i].style.display=\"none\";for(i=0;i<a.length;i++)s=a[i],e.source===s.contentWindow&&(s.removeAttribute(\"style\"),\"height\"===t.message?(1e3<(r=parseInt(t.value,10))?r=1e3:~~r<200&&(r=200),s.height=r):\"link\"===t.message&&(r=new URL(s.getAttribute(\"src\")),n=new URL(t.value),c.test(n.protocol))&&n.host===r.host&&l.activeElement===s&&(d.top.location.href=t.value))}},d.addEventListener(\"message\",d.wp.receiveEmbedMessage,!1),l.addEventListener(\"DOMContentLoaded\",function(){for(var e,t,s=l.querySelectorAll(\"iframe.wp-embedded-content\"),r=0;r<s.length;r++)(t=(e=s[r]).getAttribute(\"data-secret\"))||(t=Math.random().toString(36).substring(2,12),e.src+=\"#?secret=\"+t,e.setAttribute(\"data-secret\",t)),e.contentWindow.postMessage({message:\"ready\",secret:t},\"*\")},!1)))}(window,document);\n\/\/# sourceURL=https:\/\/feminissima.de\/wp-includes\/js\/wp-embed.min.js\n<\/script>\n","description":"Die Gewalt haben wir in die Gewalt-Rubrik verbannt....sie hat uns so niedergezogen und Euch vielleicht auch, auf unserer doch sonst eher so ..munteren live-Site.. Hier in ihrer Rubrik hat die GEWALT ihren Platz...: und unsere krassen Ansichten dazu auch - Es geht um den erneuten Kindermord (ein Kind in Bayern, vom Freund des Vaters, einem Wiederholungst\u00e4ter, der schon mal ein Kind mit 70 Messerstichen get\u00f6tet hatte...aber...sicher dank so toller Psychologen..wieder..wie man nun erlebte..gerade wieder auf freiem Fu\u00df war...da wird das n\u00e4chste Kind gleich wieder sexuell mi\u00dfbraucht und umgebracht- man m\u00fc\u00dfte auch die bestrafen, die seine FREILASSUNG VERBROCHEN HABEN. Und dann - endlich ger\u00e4t Berlin in Aufruhr - nachdem die 5. Muslimin innerhalb k\u00fcrzester Zeit auf offener Stra\u00dfe von ihren \"Angeh\u00f6rigen\" abgeschlachtet worden ist...."}